{"id":790,"date":"2024-10-05T14:02:12","date_gmt":"2024-10-05T14:02:12","guid":{"rendered":"https:\/\/consepro.com.br\/?page_id=790"},"modified":"2026-03-23T17:51:20","modified_gmt":"2026-03-23T20:51:20","slug":"equipe","status":"publish","type":"page","link":"https:\/\/consepro.com.br\/en\/equipe\/","title":{"rendered":"Our team"},"content":{"rendered":"<div data-elementor-type=\"wp-page\" data-elementor-id=\"790\" class=\"elementor elementor-790\" data-elementor-post-type=\"page\">\n\t\t\t\t\t\t<section class=\"elementor-section elementor-top-section elementor-element elementor-element-62cda8d elementor-section-boxed elementor-section-height-default elementor-section-height-default\" data-id=\"62cda8d\" data-element_type=\"section\" data-settings=\"{&quot;background_background&quot;:&quot;classic&quot;,&quot;ekit_has_onepagescroll_dot&quot;:&quot;yes&quot;}\">\n\t\t\t\t\t\t<div class=\"elementor-container elementor-column-gap-default\">\n\t\t\t\t\t<div class=\"elementor-column elementor-col-100 elementor-top-column elementor-element elementor-element-1486872c\" data-id=\"1486872c\" data-element_type=\"column\">\n\t\t\t<div class=\"elementor-widget-wrap elementor-element-populated\">\n\t\t\t\t\t\t<div class=\"elementor-element elementor-element-1addb893 elementor-widget elementor-widget-heading\" data-id=\"1addb893\" data-element_type=\"widget\" data-settings=\"{&quot;ekit_we_effect_on&quot;:&quot;none&quot;}\" data-widget_type=\"heading.default\">\n\t\t\t\t<div class=\"elementor-widget-container\">\n\t\t\t\t\t<h6 class=\"elementor-heading-title elementor-size-default\">Our team<\/h6>\t\t\t\t<\/div>\n\t\t\t\t<\/div>\n\t\t\t\t<div class=\"elementor-element elementor-element-ca05587 elementor-widget-tablet__width-initial elementor-widget-mobile__width-inherit elementor-widget elementor-widget-elementskit-team-slider\" data-id=\"ca05587\" data-element_type=\"widget\" data-settings=\"{&quot;ekit_we_effect_on&quot;:&quot;none&quot;}\" data-widget_type=\"elementskit-team-slider.default\">\n\t\t\t\t<div class=\"elementor-widget-container\">\n\t\t\t\t\t<div class=\"ekit-wid-con\">\t\t<div class=\"ekit-team-slider\">\n\t\t\t<div class=\"ekit-main-swiper swiper\" data-config=\"{&quot;rtl&quot;:false,&quot;arrows&quot;:false,&quot;dots&quot;:false,&quot;autoplay&quot;:false,&quot;speed&quot;:1000,&quot;slidesPerView&quot;:6,&quot;slidesPerGroup&quot;:1,&quot;spaceBetween&quot;:3,&quot;pauseOnHover&quot;:false,&quot;loop&quot;:false,&quot;breakpoints&quot;:{&quot;360&quot;:{&quot;slidesPerView&quot;:1,&quot;slidesPerGroup&quot;:1},&quot;767&quot;:{&quot;slidesPerView&quot;:2,&quot;slidesPerGroup&quot;:1},&quot;1024&quot;:{&quot;slidesPerView&quot;:6,&quot;slidesPerGroup&quot;:1}}}\">\n\t\t\t\t<div class=\"swiper-wrapper\">\n\n\t\t\t\t\t\n\t\t\t\t\t\t\t<div class=\"swiper-slide profile-card elementor-animation- text-left ekit-team-style-default\">\n\t\t\t\t\t\t\t\t\t\t\t\t\t\t\t\t\t<a href=\"javascript:void(0)\" data-mfp-src=\"#ekit_team_modal_06a3d35ca05587\" class=\"ekit-team-popup\">\n\t\t\t\t\t\t\t\t\n\t\t\t\t\t\t\t\t<div class=\"profile-header ekit-team-img ekit-img-overlay ekit-team-img-block\"  data-toggle=\"modal\" data-target=\"ekit_team_modal_#06a3d35ca05587\" >\n\t\t\t\t\t\t\t\t\t\t\t\t\t\t\t\t\t<\/div>\n\n\t\t\t\t\t\t\t\t\t\t\t\t\t\t\t\t\t<\/a>\n\t\t\t\t\t\t\t\t\t\t\t\t\n\t\t\t\t\t\t\t\t<div class=\"profile-body\">\n    <h2 class=\"profile-title\">\n                    <a  href=\"javascript:void(0)\" data-mfp-src=\"#ekit_team_modal_06a3d35ca05587\" class=\"ekit-team-popup\">\n                Rodrigo Maciel, CFP\u00ae            <\/a>\n                <\/h2>\n    <p class=\"profile-designation\"> \n        Founding partner and director    <\/p>\n\n    \n        \n    <\/div>\n\t\t\t\t\t\t\t\t                       \n\t\t\t\t\t\t\t\t\t<div class=\"profile-footer\">\n\t<ul class=\"ekit-team-social-list\">\n\t\t\t\t\t\t<li>\n\t\t\t\t\t\t\t\t\t\t<a href=\"https:\/\/www.linkedin.com\/in\/rodrigo-maciel-cfp%C2%AE-a680743a\/\" target=\"_blank\" aria-label=\"social-link\">\n\t\t\t\t\t\t<i aria-hidden=\"true\" class=\"icon icon-linkedin-1\"><\/i>\t\t\t\t\t<\/a>\n\t\t\t\t<\/li>\n\t\t\t\t\t\t\t<li>\n\t\t\t\t\t\t\t\t\t\t<a href=\"mailto:rodrigo.maciel@consepro.com.br\" target=\"_blank\" aria-label=\"social-link\">\n\t\t\t\t\t\t<i aria-hidden=\"true\" class=\"icon icon-email\"><\/i>\t\t\t\t\t<\/a>\n\t\t\t\t<\/li>\n\t\t\t\t<\/ul>\n<\/div>\n\t\t\t\t\t\t\t\t\t\t\t\t\t\t\t<\/div>\n\n\t\t\t\t\t\t\t\t\t\t\t\t\t\t\n\t\t\t\t\t\t\t<div class=\"zoom-anim-dialog mfp-hide elementskit-team-popup\" id=\"ekit_team_modal_06a3d35ca05587\" role=\"dialog\" aria-hidden=\"true\">\n    <div class=\"modal-dialog modal-dialog-centered\" role=\"document\">\n        <div class=\"modal-content\">\n            <button type=\"button\" class=\"ekit-team-modal-close\">\n                <svg aria-hidden=\"true\" class=\"e-font-icon-svg e-far-window-close\" viewbox=\"0 0 512 512\" xmlns=\"http:\/\/www.w3.org\/2000\/svg\"><path d=\"M464 32H48C21.5 32 0 53.5 0 80v352c0 26.5 21.5 48 48 48h416c26.5 0 48-21.5 48-48V80c0-26.5-21.5-48-48-48zm0 394c0 3.3-2.7 6-6 6H54c-3.3 0-6-2.7-6-6V86c0-3.3 2.7-6 6-6h404c3.3 0 6 2.7 6 6v340zM356.5 194.6L295.1 256l61.4 61.4c4.6 4.6 4.6 12.1 0 16.8l-22.3 22.3c-4.6 4.6-12.1 4.6-16.8 0L256 295.1l-61.4 61.4c-4.6 4.6-12.1 4.6-16.8 0l-22.3-22.3c-4.6-4.6-4.6-12.1 0-16.8l61.4-61.4-61.4-61.4c-4.6-4.6-4.6-12.1 0-16.8l22.3-22.3c4.6-4.6 12.1-4.6 16.8 0l61.4 61.4 61.4-61.4c4.6-4.6 12.1-4.6 16.8 0l22.3 22.3c4.7 4.6 4.7 12.1 0 16.8z\"><\/path><\/svg>            <\/button>\n\n            <div class=\"modal-body\">\n                 \n\n                <div class=\"ekit-team-modal-info\">\n                    <h2 class=\"ekit-team-modal-title\">Rodrigo Maciel, CFP\u00ae<\/h2>\n                    <p class=\"ekit-team-modal-position\">Founding partner and director<\/p>\n                    \n                    <div class=\"ekit-team-modal-content\">\n                        Founding partner and responsible director of Consepro. He has 24 years of experience in relations with institutional investors: pension funds (EFPC), RPPS, insurance companies, family offices and Brazilian banks. He was responsible for the client support and IR area at Western Asset DTVM (2015-2023) and at BTG Pactual (2001-2015), also working in the commercial area for institutional clients. Economist graduated from PUC-RJ, studying for a master's degree in administration at Insper-SP. He has certifications: CFP\u00ae, CPA-20 (ANBIMA) and is an Investment Advisor authorized by the CVM. \n                    <\/div>\n\n                                        \n                    <div class=\"profile-footer\">\n\t<ul class=\"ekit-team-social-list\">\n\t\t\t\t\t\t<li>\n\t\t\t\t\t\t\t\t\t\t<a href=\"https:\/\/www.linkedin.com\/in\/rodrigo-maciel-cfp%C2%AE-a680743a\/\" target=\"_blank _blank\" aria-label=\"social-link social-link\">\n\t\t\t\t\t\t<i aria-hidden=\"true\" class=\"icon icon-linkedin-1\"><\/i>\t\t\t\t\t<\/a>\n\t\t\t\t<\/li>\n\t\t\t\t\t\t\t<li>\n\t\t\t\t\t\t\t\t\t\t<a href=\"mailto:rodrigo.maciel@consepro.com.br\" target=\"_blank _blank\" aria-label=\"social-link social-link\">\n\t\t\t\t\t\t<i aria-hidden=\"true\" class=\"icon icon-email\"><\/i>\t\t\t\t\t<\/a>\n\t\t\t\t<\/li>\n\t\t\t\t<\/ul>\n<\/div>\n                <\/div>\n            <\/div>\n        <\/div>\n    <\/div>\n<\/div>\t\t\t\t\t\t\n\t\t\t\t\t\t\t<div class=\"swiper-slide profile-card elementor-animation- text-left ekit-team-style-default\">\n\t\t\t\t\t\t\t\t\t\t\t\t\t\t\t\t\t<a href=\"javascript:void(0)\" data-mfp-src=\"#ekit_team_modal_2d4438aca05587\" class=\"ekit-team-popup\">\n\t\t\t\t\t\t\t\t\n\t\t\t\t\t\t\t\t<div class=\"profile-header ekit-team-img ekit-img-overlay ekit-team-img-block\"  data-toggle=\"modal\" data-target=\"ekit_team_modal_#2d4438aca05587\" >\n\t\t\t\t\t\t\t\t\t\t\t\t\t\t\t\t\t<\/div>\n\n\t\t\t\t\t\t\t\t\t\t\t\t\t\t\t\t\t<\/a>\n\t\t\t\t\t\t\t\t\t\t\t\t\n\t\t\t\t\t\t\t\t<div class=\"profile-body\">\n    <h2 class=\"profile-title\">\n                    <a  href=\"javascript:void(0)\" data-mfp-src=\"#ekit_team_modal_2d4438aca05587\" class=\"ekit-team-popup\">\n                Rogerio Tatulli            <\/a>\n                <\/h2>\n    <p class=\"profile-designation\"> \n        Founding Partner    <\/p>\n\n    \n        \n    <\/div>\n\t\t\t\t\t\t\t\t                       \n\t\t\t\t\t\t\t\t\t<div class=\"profile-footer\">\n\t<ul class=\"ekit-team-social-list\">\n\t\t\t\t\t\t<li>\n\t\t\t\t\t\t\t\t\t\t<a href=\"https:\/\/www.linkedin.com\/in\/rogerio-tatulli\/\" target=\"_blank\" aria-label=\"social-link\">\n\t\t\t\t\t\t<i aria-hidden=\"true\" class=\"icon icon-linkedin-1\"><\/i>\t\t\t\t\t<\/a>\n\t\t\t\t<\/li>\n\t\t\t\t\t\t\t<li>\n\t\t\t\t\t\t\t\t\t\t<a href=\"mailto:rogerio.tatulli@consepro.com.br\" target=\"_blank\" aria-label=\"social-link\">\n\t\t\t\t\t\t<i aria-hidden=\"true\" class=\"icon icon-email\"><\/i>\t\t\t\t\t<\/a>\n\t\t\t\t<\/li>\n\t\t\t\t<\/ul>\n<\/div>\n\t\t\t\t\t\t\t\t\t\t\t\t\t\t\t<\/div>\n\n\t\t\t\t\t\t\t\t\t\t\t\t\t\t\n\t\t\t\t\t\t\t<div class=\"zoom-anim-dialog mfp-hide elementskit-team-popup\" id=\"ekit_team_modal_2d4438aca05587\" role=\"dialog\" aria-hidden=\"true\">\n    <div class=\"modal-dialog modal-dialog-centered\" role=\"document\">\n        <div class=\"modal-content\">\n            <button type=\"button\" class=\"ekit-team-modal-close\">\n                <svg aria-hidden=\"true\" class=\"e-font-icon-svg e-far-window-close\" viewbox=\"0 0 512 512\" xmlns=\"http:\/\/www.w3.org\/2000\/svg\"><path d=\"M464 32H48C21.5 32 0 53.5 0 80v352c0 26.5 21.5 48 48 48h416c26.5 0 48-21.5 48-48V80c0-26.5-21.5-48-48-48zm0 394c0 3.3-2.7 6-6 6H54c-3.3 0-6-2.7-6-6V86c0-3.3 2.7-6 6-6h404c3.3 0 6 2.7 6 6v340zM356.5 194.6L295.1 256l61.4 61.4c4.6 4.6 4.6 12.1 0 16.8l-22.3 22.3c-4.6 4.6-12.1 4.6-16.8 0L256 295.1l-61.4 61.4c-4.6 4.6-12.1 4.6-16.8 0l-22.3-22.3c-4.6-4.6-4.6-12.1 0-16.8l61.4-61.4-61.4-61.4c-4.6-4.6-4.6-12.1 0-16.8l22.3-22.3c4.6-4.6 12.1-4.6 16.8 0l61.4 61.4 61.4-61.4c4.6-4.6 12.1-4.6 16.8 0l22.3 22.3c4.7 4.6 4.7 12.1 0 16.8z\"><\/path><\/svg>            <\/button>\n\n            <div class=\"modal-body\">\n                 \n\n                <div class=\"ekit-team-modal-info\">\n                    <h2 class=\"ekit-team-modal-title\">Rogerio Tatulli<\/h2>\n                    <p class=\"ekit-team-modal-position\">Founding Partner<\/p>\n                    \n                    <div class=\"ekit-team-modal-content\">\n                        Founding partner of Consepro and responsible for the EFPC area.  He has more than 40 years of experience working in the financial area of \u200b\u200blarge national and multinational companies.  He worked at Ericsson from 1995 to 2023, with his main occupations being: treasurer, Managing Director and AETQ of the Previ-Ericsson pension fund. ANBIMA Advisor (2018-2022). He is currently a member of the ICSS board (Certification of EFPC directors and advisors) and professor of the MBA in Complementary Pensions at IBMEC\/UniAbrapp. Economist from FACESP, with an MBA in Agribusiness from ESALQ-USP and an MBA in Strategic Business Management from FGV-SP.  Certified by ICSS-Investimentos and Investment Advisor authorized by the CVM.                    <\/div>\n\n                                        \n                    <div class=\"profile-footer\">\n\t<ul class=\"ekit-team-social-list\">\n\t\t\t\t\t\t<li>\n\t\t\t\t\t\t\t\t\t\t<a href=\"https:\/\/www.linkedin.com\/in\/rogerio-tatulli\/\" target=\"_blank _blank\" aria-label=\"social-link social-link\">\n\t\t\t\t\t\t<i aria-hidden=\"true\" class=\"icon icon-linkedin-1\"><\/i>\t\t\t\t\t<\/a>\n\t\t\t\t<\/li>\n\t\t\t\t\t\t\t<li>\n\t\t\t\t\t\t\t\t\t\t<a href=\"mailto:rogerio.tatulli@consepro.com.br\" target=\"_blank _blank\" aria-label=\"social-link social-link\">\n\t\t\t\t\t\t<i aria-hidden=\"true\" class=\"icon icon-email\"><\/i>\t\t\t\t\t<\/a>\n\t\t\t\t<\/li>\n\t\t\t\t<\/ul>\n<\/div>\n                <\/div>\n            <\/div>\n        <\/div>\n    <\/div>\n<\/div>\t\t\t\t\t\t\n\t\t\t\t\t\t\t<div class=\"swiper-slide profile-card elementor-animation- text-left ekit-team-style-default\">\n\t\t\t\t\t\t\t\t\t\t\t\t\t\t\t\t\t<a href=\"javascript:void(0)\" data-mfp-src=\"#ekit_team_modal_7e44d89ca05587\" class=\"ekit-team-popup\">\n\t\t\t\t\t\t\t\t\n\t\t\t\t\t\t\t\t<div class=\"profile-header ekit-team-img ekit-img-overlay ekit-team-img-block\"  data-toggle=\"modal\" data-target=\"ekit_team_modal_#7e44d89ca05587\" >\n\t\t\t\t\t\t\t\t\t\t\t\t\t\t\t\t\t<\/div>\n\n\t\t\t\t\t\t\t\t\t\t\t\t\t\t\t\t\t<\/a>\n\t\t\t\t\t\t\t\t\t\t\t\t\n\t\t\t\t\t\t\t\t<div class=\"profile-body\">\n    <h2 class=\"profile-title\">\n                    <a  href=\"javascript:void(0)\" data-mfp-src=\"#ekit_team_modal_7e44d89ca05587\" class=\"ekit-team-popup\">\n                Danilo Moura            <\/a>\n                <\/h2>\n    <p class=\"profile-designation\"> \n        Partner    <\/p>\n\n    \n        \n    <\/div>\n\t\t\t\t\t\t\t\t                       \n\t\t\t\t\t\t\t\t\t<div class=\"profile-footer\">\n\t<ul class=\"ekit-team-social-list\">\n\t\t\t\t\t\t<li>\n\t\t\t\t\t\t\t\t\t\t<a href=\"https:\/\/www.linkedin.com\/in\/moura-danilo\/\" target=\"_blank\" aria-label=\"social-link\">\n\t\t\t\t\t\t<i aria-hidden=\"true\" class=\"icon icon-linkedin-1\"><\/i>\t\t\t\t\t<\/a>\n\t\t\t\t<\/li>\n\t\t\t\t\t\t\t<li>\n\t\t\t\t\t\t\t\t\t\t<a href=\"mailto:danilo.moura@consepro.com.br\" target=\"_blank\" aria-label=\"social-link\">\n\t\t\t\t\t\t<i aria-hidden=\"true\" class=\"icon icon-email\"><\/i>\t\t\t\t\t<\/a>\n\t\t\t\t<\/li>\n\t\t\t\t<\/ul>\n<\/div>\n\t\t\t\t\t\t\t\t\t\t\t\t\t\t\t<\/div>\n\n\t\t\t\t\t\t\t\t\t\t\t\t\t\t\n\t\t\t\t\t\t\t<div class=\"zoom-anim-dialog mfp-hide elementskit-team-popup\" id=\"ekit_team_modal_7e44d89ca05587\" role=\"dialog\" aria-hidden=\"true\">\n    <div class=\"modal-dialog modal-dialog-centered\" role=\"document\">\n        <div class=\"modal-content\">\n            <button type=\"button\" class=\"ekit-team-modal-close\">\n                <svg aria-hidden=\"true\" class=\"e-font-icon-svg e-far-window-close\" viewbox=\"0 0 512 512\" xmlns=\"http:\/\/www.w3.org\/2000\/svg\"><path d=\"M464 32H48C21.5 32 0 53.5 0 80v352c0 26.5 21.5 48 48 48h416c26.5 0 48-21.5 48-48V80c0-26.5-21.5-48-48-48zm0 394c0 3.3-2.7 6-6 6H54c-3.3 0-6-2.7-6-6V86c0-3.3 2.7-6 6-6h404c3.3 0 6 2.7 6 6v340zM356.5 194.6L295.1 256l61.4 61.4c4.6 4.6 4.6 12.1 0 16.8l-22.3 22.3c-4.6 4.6-12.1 4.6-16.8 0L256 295.1l-61.4 61.4c-4.6 4.6-12.1 4.6-16.8 0l-22.3-22.3c-4.6-4.6-4.6-12.1 0-16.8l61.4-61.4-61.4-61.4c-4.6-4.6-4.6-12.1 0-16.8l22.3-22.3c4.6-4.6 12.1-4.6 16.8 0l61.4 61.4 61.4-61.4c4.6-4.6 12.1-4.6 16.8 0l22.3 22.3c4.7 4.6 4.7 12.1 0 16.8z\"><\/path><\/svg>            <\/button>\n\n            <div class=\"modal-body\">\n                 \n\n                <div class=\"ekit-team-modal-info\">\n                    <h2 class=\"ekit-team-modal-title\">Danilo Moura<\/h2>\n                    <p class=\"ekit-team-modal-position\">Partner<\/p>\n                    \n                    <div class=\"ekit-team-modal-content\">\n                        Partner and Head of Products, Insurance, and Back-Office.\nOver 24 years of experience in the financial sector of large national and multinational corporations\nFormer Director at SUSEP (Superintendence of Private Insurance) (2019\u20132020) and Member of the Fiscal Council at BB Cart\u00f5es (2019\u20132021).\nHeld managerial and executive finance positions at companies such as Harsco Metals, EBX Group, CSN \u2013 Companhia Sider\u00fargica Nacional, and Descomplica Edtech.\nHolds an MBA from the Massachusetts Institute of Technology (MIT) and a Bachelor\u2019s degree in Engineering from PUC-Rio. Also earned an LL.M in Corporate Law and an MBA in Corporate Finance from IBMEC-Rio.\nLicensed Investment Advisor (CVM) and Licensed Insurance Broker (SUSEP).                    <\/div>\n\n                                        \n                    <div class=\"profile-footer\">\n\t<ul class=\"ekit-team-social-list\">\n\t\t\t\t\t\t<li>\n\t\t\t\t\t\t\t\t\t\t<a href=\"https:\/\/www.linkedin.com\/in\/moura-danilo\/\" target=\"_blank _blank\" aria-label=\"social-link social-link\">\n\t\t\t\t\t\t<i aria-hidden=\"true\" class=\"icon icon-linkedin-1\"><\/i>\t\t\t\t\t<\/a>\n\t\t\t\t<\/li>\n\t\t\t\t\t\t\t<li>\n\t\t\t\t\t\t\t\t\t\t<a href=\"mailto:danilo.moura@consepro.com.br\" target=\"_blank _blank\" aria-label=\"social-link social-link\">\n\t\t\t\t\t\t<i aria-hidden=\"true\" class=\"icon icon-email\"><\/i>\t\t\t\t\t<\/a>\n\t\t\t\t<\/li>\n\t\t\t\t<\/ul>\n<\/div>\n                <\/div>\n            <\/div>\n        <\/div>\n    <\/div>\n<\/div>\t\t\t\t\t\t\n\t\t\t\t\t\t\t<div class=\"swiper-slide profile-card elementor-animation- text-left ekit-team-style-default\">\n\t\t\t\t\t\t\t\t\t\t\t\t\t\t\t\t\t<a href=\"javascript:void(0)\" data-mfp-src=\"#ekit_team_modal_f001b1fca05587\" class=\"ekit-team-popup\">\n\t\t\t\t\t\t\t\t\n\t\t\t\t\t\t\t\t<div class=\"profile-header ekit-team-img ekit-img-overlay ekit-team-img-block\"  data-toggle=\"modal\" data-target=\"ekit_team_modal_#f001b1fca05587\" >\n\t\t\t\t\t\t\t\t\t\t\t\t\t\t\t\t\t<\/div>\n\n\t\t\t\t\t\t\t\t\t\t\t\t\t\t\t\t\t<\/a>\n\t\t\t\t\t\t\t\t\t\t\t\t\n\t\t\t\t\t\t\t\t<div class=\"profile-body\">\n    <h2 class=\"profile-title\">\n                    <a  href=\"javascript:void(0)\" data-mfp-src=\"#ekit_team_modal_f001b1fca05587\" class=\"ekit-team-popup\">\n                Anna Cec\u00edlia Rudge            <\/a>\n                <\/h2>\n    <p class=\"profile-designation\"> \n        S\u00f3cia    <\/p>\n\n    \n        \n    <\/div>\n\t\t\t\t\t\t\t\t                       \n\t\t\t\t\t\t\t\t\t<div class=\"profile-footer\">\n\t<ul class=\"ekit-team-social-list\">\n\t\t\t\t\t\t<li>\n\t\t\t\t\t\t\t\t\t\t<a >\n\t\t\t\t\t\t<i aria-hidden=\"true\" class=\"icon icon-linkedin-1\"><\/i>\t\t\t\t\t<\/a>\n\t\t\t\t<\/li>\n\t\t\t\t\t\t\t<li>\n\t\t\t\t\t\t\t\t\t\t<a >\n\t\t\t\t\t\t<i aria-hidden=\"true\" class=\"icon icon-email\"><\/i>\t\t\t\t\t<\/a>\n\t\t\t\t<\/li>\n\t\t\t\t<\/ul>\n<\/div>\n\t\t\t\t\t\t\t\t\t\t\t\t\t\t\t<\/div>\n\n\t\t\t\t\t\t\t\t\t\t\t\t\t\t\n\t\t\t\t\t\t\t<div class=\"zoom-anim-dialog mfp-hide elementskit-team-popup\" id=\"ekit_team_modal_f001b1fca05587\" role=\"dialog\" aria-hidden=\"true\">\n    <div class=\"modal-dialog modal-dialog-centered\" role=\"document\">\n        <div class=\"modal-content\">\n            <button type=\"button\" class=\"ekit-team-modal-close\">\n                <svg aria-hidden=\"true\" class=\"e-font-icon-svg e-far-window-close\" viewbox=\"0 0 512 512\" xmlns=\"http:\/\/www.w3.org\/2000\/svg\"><path d=\"M464 32H48C21.5 32 0 53.5 0 80v352c0 26.5 21.5 48 48 48h416c26.5 0 48-21.5 48-48V80c0-26.5-21.5-48-48-48zm0 394c0 3.3-2.7 6-6 6H54c-3.3 0-6-2.7-6-6V86c0-3.3 2.7-6 6-6h404c3.3 0 6 2.7 6 6v340zM356.5 194.6L295.1 256l61.4 61.4c4.6 4.6 4.6 12.1 0 16.8l-22.3 22.3c-4.6 4.6-12.1 4.6-16.8 0L256 295.1l-61.4 61.4c-4.6 4.6-12.1 4.6-16.8 0l-22.3-22.3c-4.6-4.6-4.6-12.1 0-16.8l61.4-61.4-61.4-61.4c-4.6-4.6-4.6-12.1 0-16.8l22.3-22.3c4.6-4.6 12.1-4.6 16.8 0l61.4 61.4 61.4-61.4c4.6-4.6 12.1-4.6 16.8 0l22.3 22.3c4.7 4.6 4.7 12.1 0 16.8z\"><\/path><\/svg>            <\/button>\n\n            <div class=\"modal-body\">\n                 \n\n                <div class=\"ekit-team-modal-info\">\n                    <h2 class=\"ekit-team-modal-title\">Anna Cec\u00edlia Rudge<\/h2>\n                    <p class=\"ekit-team-modal-position\">S\u00f3cia<\/p>\n                    \n                    <div class=\"ekit-team-modal-content\">\n                        Worked in the Wealth Planning division of the multi-family office UBS Consenso.\nHolds a Law degree from Universidade Presbiteriana Mackenzie.                     <\/div>\n\n                                        \n                    <div class=\"profile-footer\">\n\t<ul class=\"ekit-team-social-list\">\n\t\t\t\t\t\t<li>\n\t\t\t\t\t\t\t\t\t\t<a >\n\t\t\t\t\t\t<i aria-hidden=\"true\" class=\"icon icon-linkedin-1\"><\/i>\t\t\t\t\t<\/a>\n\t\t\t\t<\/li>\n\t\t\t\t\t\t\t<li>\n\t\t\t\t\t\t\t\t\t\t<a >\n\t\t\t\t\t\t<i aria-hidden=\"true\" class=\"icon icon-email\"><\/i>\t\t\t\t\t<\/a>\n\t\t\t\t<\/li>\n\t\t\t\t<\/ul>\n<\/div>\n                <\/div>\n            <\/div>\n        <\/div>\n    <\/div>\n<\/div>\t\t\t\t\t\t\n\t\t\t\t\t\t\t<div class=\"swiper-slide profile-card elementor-animation- text-left ekit-team-style-default\">\n\t\t\t\t\t\t\t\t\t\t\t\t\t\t\t\t\t<a href=\"javascript:void(0)\" data-mfp-src=\"#ekit_team_modal_a8d0670ca05587\" class=\"ekit-team-popup\">\n\t\t\t\t\t\t\t\t\n\t\t\t\t\t\t\t\t<div class=\"profile-header ekit-team-img ekit-img-overlay ekit-team-img-block\"  data-toggle=\"modal\" data-target=\"ekit_team_modal_#a8d0670ca05587\" >\n\t\t\t\t\t\t\t\t\t\t\t\t\t\t\t\t\t<\/div>\n\n\t\t\t\t\t\t\t\t\t\t\t\t\t\t\t\t\t<\/a>\n\t\t\t\t\t\t\t\t\t\t\t\t\n\t\t\t\t\t\t\t\t<div class=\"profile-body\">\n    <h2 class=\"profile-title\">\n                    <a  href=\"javascript:void(0)\" data-mfp-src=\"#ekit_team_modal_a8d0670ca05587\" class=\"ekit-team-popup\">\n                Rog\u00e9rio Rodrigues            <\/a>\n                <\/h2>\n    <p class=\"profile-designation\"> \n        Partner    <\/p>\n\n    \n        \n    <\/div>\n\t\t\t\t\t\t\t\t                       \n\t\t\t\t\t\t\t\t\t<div class=\"profile-footer\">\n\t<ul class=\"ekit-team-social-list\">\n\t\t\t\t\t\t<li>\n\t\t\t\t\t\t\t\t\t\t<a href=\"https:\/\/www.linkedin.com\/in\/moura-danilo\/\" target=\"_blank\" aria-label=\"social-link\">\n\t\t\t\t\t\t<i aria-hidden=\"true\" class=\"icon icon-linkedin-1\"><\/i>\t\t\t\t\t<\/a>\n\t\t\t\t<\/li>\n\t\t\t\t\t\t\t<li>\n\t\t\t\t\t\t\t\t\t\t<a href=\"mailto:danilo.moura@consepro.com.br\" target=\"_blank\" aria-label=\"social-link\">\n\t\t\t\t\t\t<i aria-hidden=\"true\" class=\"icon icon-email\"><\/i>\t\t\t\t\t<\/a>\n\t\t\t\t<\/li>\n\t\t\t\t<\/ul>\n<\/div>\n\t\t\t\t\t\t\t\t\t\t\t\t\t\t\t<\/div>\n\n\t\t\t\t\t\t\t\t\t\t\t\t\t\t\n\t\t\t\t\t\t\t<div class=\"zoom-anim-dialog mfp-hide elementskit-team-popup\" id=\"ekit_team_modal_a8d0670ca05587\" role=\"dialog\" aria-hidden=\"true\">\n    <div class=\"modal-dialog modal-dialog-centered\" role=\"document\">\n        <div class=\"modal-content\">\n            <button type=\"button\" class=\"ekit-team-modal-close\">\n                <svg aria-hidden=\"true\" class=\"e-font-icon-svg e-far-window-close\" viewbox=\"0 0 512 512\" xmlns=\"http:\/\/www.w3.org\/2000\/svg\"><path d=\"M464 32H48C21.5 32 0 53.5 0 80v352c0 26.5 21.5 48 48 48h416c26.5 0 48-21.5 48-48V80c0-26.5-21.5-48-48-48zm0 394c0 3.3-2.7 6-6 6H54c-3.3 0-6-2.7-6-6V86c0-3.3 2.7-6 6-6h404c3.3 0 6 2.7 6 6v340zM356.5 194.6L295.1 256l61.4 61.4c4.6 4.6 4.6 12.1 0 16.8l-22.3 22.3c-4.6 4.6-12.1 4.6-16.8 0L256 295.1l-61.4 61.4c-4.6 4.6-12.1 4.6-16.8 0l-22.3-22.3c-4.6-4.6-4.6-12.1 0-16.8l61.4-61.4-61.4-61.4c-4.6-4.6-4.6-12.1 0-16.8l22.3-22.3c4.6-4.6 12.1-4.6 16.8 0l61.4 61.4 61.4-61.4c4.6-4.6 12.1-4.6 16.8 0l22.3 22.3c4.7 4.6 4.7 12.1 0 16.8z\"><\/path><\/svg>            <\/button>\n\n            <div class=\"modal-body\">\n                 \n\n                <div class=\"ekit-team-modal-info\">\n                    <h2 class=\"ekit-team-modal-title\">Rog\u00e9rio Rodrigues<\/h2>\n                    <p class=\"ekit-team-modal-position\">Partner<\/p>\n                    \n                    <div class=\"ekit-team-modal-content\">\n                        Senior institutional sales and investor relations executive with over 25 years of experience across fundraising, client coverage, and capital formation within the financial industry.\nBrings extensive experience covering institutional investors, with a long-standing track record engaging pension funds, initially developed during his tenure at Mercer. Subsequently held senior roles at asset managers including FAR, Hectare Capital, and eB Capital, where he led institutional distribution efforts, deepened relationships with pension funds (EFPCs), and expanded coverage across a broad range of allocators, including family offices, private banks, banks, and distribution platforms.\nAt Consepro, focuses on institutional coverage and origination, supporting capital raising initiatives and acting as a key interface between asset managers and investors. Actively involved in developing and executing fundraising strategies, with an emphasis on long-term capital partnerships and efficient market access.\nHolds a degree in Business Administration from Pontif\u00edcia Universidade Cat\u00f3lica de S\u00e3o Paulo (PUC-SP), is ANBIMA CPA-20 certified, and is an Investment Advisor authorized by the CVM.                    <\/div>\n\n                                        \n                    <div class=\"profile-footer\">\n\t<ul class=\"ekit-team-social-list\">\n\t\t\t\t\t\t<li>\n\t\t\t\t\t\t\t\t\t\t<a href=\"https:\/\/www.linkedin.com\/in\/moura-danilo\/\" target=\"_blank _blank\" aria-label=\"social-link social-link\">\n\t\t\t\t\t\t<i aria-hidden=\"true\" class=\"icon icon-linkedin-1\"><\/i>\t\t\t\t\t<\/a>\n\t\t\t\t<\/li>\n\t\t\t\t\t\t\t<li>\n\t\t\t\t\t\t\t\t\t\t<a href=\"mailto:danilo.moura@consepro.com.br\" target=\"_blank _blank\" aria-label=\"social-link social-link\">\n\t\t\t\t\t\t<i aria-hidden=\"true\" class=\"icon icon-email\"><\/i>\t\t\t\t\t<\/a>\n\t\t\t\t<\/li>\n\t\t\t\t<\/ul>\n<\/div>\n                <\/div>\n            <\/div>\n        <\/div>\n    <\/div>\n<\/div>\t\t\t\t\t\t\n\t\t\t\t\t\t\t<div class=\"swiper-slide profile-card elementor-animation- text-left ekit-team-style-default\">\n\t\t\t\t\t\t\t\t\t\t\t\t\t\t\t\t\t<a href=\"javascript:void(0)\" data-mfp-src=\"#ekit_team_modal_f6b05e7ca05587\" class=\"ekit-team-popup\">\n\t\t\t\t\t\t\t\t\n\t\t\t\t\t\t\t\t<div class=\"profile-header ekit-team-img ekit-img-overlay ekit-team-img-block\"  data-toggle=\"modal\" data-target=\"ekit_team_modal_#f6b05e7ca05587\" >\n\t\t\t\t\t\t\t\t\t\t\t\t\t\t\t\t\t<\/div>\n\n\t\t\t\t\t\t\t\t\t\t\t\t\t\t\t\t\t<\/a>\n\t\t\t\t\t\t\t\t\t\t\t\t\n\t\t\t\t\t\t\t\t<div class=\"profile-body\">\n    <h2 class=\"profile-title\">\n                    <a  href=\"javascript:void(0)\" data-mfp-src=\"#ekit_team_modal_f6b05e7ca05587\" class=\"ekit-team-popup\">\n                Kaio Gaspar            <\/a>\n                <\/h2>\n    <p class=\"profile-designation\"> \n        Dev    <\/p>\n\n    \n        \n    <\/div>\n\t\t\t\t\t\t\t\t                       \n\t\t\t\t\t\t\t\t\t<div class=\"profile-footer\">\n\t<ul class=\"ekit-team-social-list\">\n\t\t\t\t\t\t<li>\n\t\t\t\t\t\t\t\t\t\t<a >\n\t\t\t\t\t\t<i aria-hidden=\"true\" class=\"icon icon-linkedin-1\"><\/i>\t\t\t\t\t<\/a>\n\t\t\t\t<\/li>\n\t\t\t\t\t\t\t<li>\n\t\t\t\t\t\t\t\t\t\t<a >\n\t\t\t\t\t\t<i aria-hidden=\"true\" class=\"icon icon-email\"><\/i>\t\t\t\t\t<\/a>\n\t\t\t\t<\/li>\n\t\t\t\t<\/ul>\n<\/div>\n\t\t\t\t\t\t\t\t\t\t\t\t\t\t\t<\/div>\n\n\t\t\t\t\t\t\t\t\t\t\t\t\t\t\n\t\t\t\t\t\t\t<div class=\"zoom-anim-dialog mfp-hide elementskit-team-popup\" id=\"ekit_team_modal_f6b05e7ca05587\" role=\"dialog\" aria-hidden=\"true\">\n    <div class=\"modal-dialog modal-dialog-centered\" role=\"document\">\n        <div class=\"modal-content\">\n            <button type=\"button\" class=\"ekit-team-modal-close\">\n                <svg aria-hidden=\"true\" class=\"e-font-icon-svg e-far-window-close\" viewbox=\"0 0 512 512\" xmlns=\"http:\/\/www.w3.org\/2000\/svg\"><path d=\"M464 32H48C21.5 32 0 53.5 0 80v352c0 26.5 21.5 48 48 48h416c26.5 0 48-21.5 48-48V80c0-26.5-21.5-48-48-48zm0 394c0 3.3-2.7 6-6 6H54c-3.3 0-6-2.7-6-6V86c0-3.3 2.7-6 6-6h404c3.3 0 6 2.7 6 6v340zM356.5 194.6L295.1 256l61.4 61.4c4.6 4.6 4.6 12.1 0 16.8l-22.3 22.3c-4.6 4.6-12.1 4.6-16.8 0L256 295.1l-61.4 61.4c-4.6 4.6-12.1 4.6-16.8 0l-22.3-22.3c-4.6-4.6-4.6-12.1 0-16.8l61.4-61.4-61.4-61.4c-4.6-4.6-4.6-12.1 0-16.8l22.3-22.3c4.6-4.6 12.1-4.6 16.8 0l61.4 61.4 61.4-61.4c4.6-4.6 12.1-4.6 16.8 0l22.3 22.3c4.7 4.6 4.7 12.1 0 16.8z\"><\/path><\/svg>            <\/button>\n\n            <div class=\"modal-body\">\n                 \n\n                <div class=\"ekit-team-modal-info\">\n                    <h2 class=\"ekit-team-modal-title\">Kaio Gaspar<\/h2>\n                    <p class=\"ekit-team-modal-position\">Dev<\/p>\n                    \n                    <div class=\"ekit-team-modal-content\">\n                        Responsible for systems development.\nCurrently studying Systems Analysis and Development at FATEC \u2013 Faculty of Technology.                    <\/div>\n\n                                        \n                    <div class=\"profile-footer\">\n\t<ul class=\"ekit-team-social-list\">\n\t\t\t\t\t\t<li>\n\t\t\t\t\t\t\t\t\t\t<a >\n\t\t\t\t\t\t<i aria-hidden=\"true\" class=\"icon icon-linkedin-1\"><\/i>\t\t\t\t\t<\/a>\n\t\t\t\t<\/li>\n\t\t\t\t\t\t\t<li>\n\t\t\t\t\t\t\t\t\t\t<a >\n\t\t\t\t\t\t<i aria-hidden=\"true\" class=\"icon icon-email\"><\/i>\t\t\t\t\t<\/a>\n\t\t\t\t<\/li>\n\t\t\t\t<\/ul>\n<\/div>\n                <\/div>\n            <\/div>\n        <\/div>\n    <\/div>\n<\/div>\t\t\t\t\t\t\n\t\t\t\t\t\t\t\t\t<\/div>\n\n\t\t\t\t\n\t\t\t\t\t\t\t<\/div>\n\t\t<\/div>\n\t\t<\/div>\t\t\t\t<\/div>\n\t\t\t\t<\/div>\n\t\t\t\t\t<\/div>\n\t\t<\/div>\n\t\t\t\t\t<\/div>\n\t\t<\/section>\n\t\t\t\t<\/div>","protected":false},"excerpt":{"rendered":"<p>Nossa equipe Rodrigo Maciel, CFP\u00ae S\u00f3cio fundador e diretor Rodrigo Maciel, CFP\u00ae S\u00f3cio fundador e diretor S\u00f3cio-fundador e diretor respons\u00e1vel da Consepro. Possui uma experi\u00eancia de 24 anos na \u00e1rea de rela\u00e7\u00e3o com investidores institucionais: fundos de pens\u00e3o (EFPC), RPPS, seguradoras, family offices e bancos brasileiros. Atuou como respons\u00e1vel pela \u00e1rea de client support e [&hellip;]<\/p>","protected":false},"author":1,"featured_media":0,"parent":0,"menu_order":0,"comment_status":"closed","ping_status":"closed","template":"","meta":{"footnotes":""},"class_list":["post-790","page","type-page","status-publish","hentry"],"_links":{"self":[{"href":"https:\/\/consepro.com.br\/en\/wp-json\/wp\/v2\/pages\/790","targetHints":{"allow":["GET"]}}],"collection":[{"href":"https:\/\/consepro.com.br\/en\/wp-json\/wp\/v2\/pages"}],"about":[{"href":"https:\/\/consepro.com.br\/en\/wp-json\/wp\/v2\/types\/page"}],"author":[{"embeddable":true,"href":"https:\/\/consepro.com.br\/en\/wp-json\/wp\/v2\/users\/1"}],"replies":[{"embeddable":true,"href":"https:\/\/consepro.com.br\/en\/wp-json\/wp\/v2\/comments?post=790"}],"version-history":[{"count":553,"href":"https:\/\/consepro.com.br\/en\/wp-json\/wp\/v2\/pages\/790\/revisions"}],"predecessor-version":[{"id":3225,"href":"https:\/\/consepro.com.br\/en\/wp-json\/wp\/v2\/pages\/790\/revisions\/3225"}],"wp:attachment":[{"href":"https:\/\/consepro.com.br\/en\/wp-json\/wp\/v2\/media?parent=790"}],"curies":[{"name":"wp","href":"https:\/\/api.w.org\/{rel}","templated":true}]}}